{"id":37134,"date":"2025-04-04T09:16:41","date_gmt":"2025-04-04T07:16:41","guid":{"rendered":"https:\/\/ac25.akryldev.de\/changement-climatique-et-migration-2\/"},"modified":"2025-11-26T16:19:54","modified_gmt":"2025-11-26T15:19:54","slug":"mobilite-humaine-changement-climatique","status":"publish","type":"page","link":"https:\/\/www.adaptationcommunity.net\/fr\/mobilite-humaine-changement-climatique\/","title":{"rendered":"Mobilit\u00e9 humaine li\u00e9e au changement climatique"},"content":{"rendered":"\t\t<div data-elementor-type=\"wp-page\" data-elementor-id=\"37134\" class=\"elementor elementor-37134 elementor-36830\" data-elementor-post-type=\"page\">\n\t\t\t\t<div class=\"elementor-element elementor-element-6c3c08d e-con-full e-flex e-con e-parent\" data-id=\"6c3c08d\" data-element_type=\"container\">\n\t\t\t\t<div class=\"elementor-element elementor-element-7641ac2 elementor-widget elementor-widget-template\" data-id=\"7641ac2\" data-element_type=\"widget\" data-widget_type=\"template.default\">\n\t\t\t\t<div class=\"elementor-widget-container\">\n\t\t\t\t\t\t\t<div class=\"elementor-template\">\n\t\t\t\t\t<div data-elementor-type=\"section\" data-elementor-id=\"52809\" class=\"elementor elementor-52809 elementor-52794\" data-elementor-post-type=\"elementor_library\">\n\t\t\t<div class=\"elementor-element elementor-element-aa68ecc e-con-full elementor-hidden-tablet elementor-hidden-mobile e-flex e-con e-parent\" data-id=\"aa68ecc\" data-element_type=\"container\" data-settings=\"{&quot;background_background&quot;:&quot;classic&quot;}\">\n\t\t<div class=\"elementor-element elementor-element-bccbeb6 e-con-full e-flex e-con e-child\" data-id=\"bccbeb6\" data-element_type=\"container\">\n\t\t\t\t<\/div>\n\t\t<div class=\"elementor-element elementor-element-48a544b e-con-full e-flex e-con e-child\" data-id=\"48a544b\" data-element_type=\"container\" data-settings=\"{&quot;background_background&quot;:&quot;classic&quot;}\">\n\t\t<div class=\"elementor-element elementor-element-259383a e-con-full e-flex e-con e-child\" data-id=\"259383a\" data-element_type=\"container\">\n\t\t<div class=\"elementor-element elementor-element-30a33cb e-con-full e-flex e-con e-child\" data-id=\"30a33cb\" data-element_type=\"container\">\n\t\t\t\t<div class=\"elementor-element elementor-element-3f59ea5 elementor-widget elementor-widget-image\" data-id=\"3f59ea5\" data-element_type=\"widget\" data-widget_type=\"image.default\">\n\t\t\t\t<div class=\"elementor-widget-container\">\n\t\t\t\t\t\t\t\t\t\t\t\t\t\t\t<img loading=\"lazy\" decoding=\"async\" width=\"500\" height=\"500\" src=\"https:\/\/www.adaptationcommunity.net\/wp-content\/uploads\/2025\/11\/Adaptation-Community_Icons_RGB_Climate-Change-and-Migration-Plain.svg\" class=\"attachment-large size-large wp-image-52802\" alt=\"\" \/>\t\t\t\t\t\t\t\t\t\t\t\t\t\t\t<\/div>\n\t\t\t\t<\/div>\n\t\t\t\t<\/div>\n\t\t<div class=\"elementor-element elementor-element-fbb639e e-flex e-con-boxed e-con e-child\" data-id=\"fbb639e\" data-element_type=\"container\">\n\t\t\t\t\t<div class=\"e-con-inner\">\n\t\t\t\t<div class=\"elementor-element elementor-element-99cdbcb elementor-widget elementor-widget-heading\" data-id=\"99cdbcb\" data-element_type=\"widget\" data-widget_type=\"heading.default\">\n\t\t\t\t<div class=\"elementor-widget-container\">\n\t\t\t\t\t<h2 class=\"elementor-heading-title elementor-size-default\">Mobilit\u00e9 humaine li\u00e9e au changement climatique<\/h2>\t\t\t\t<\/div>\n\t\t\t\t<\/div>\n\t\t\t\t\t<\/div>\n\t\t\t\t<\/div>\n\t\t\t\t<\/div>\n\t\t\t\t<div class=\"elementor-element elementor-element-7e87b43 elementor-widget elementor-widget-text-editor\" data-id=\"7e87b43\" data-element_type=\"widget\" data-widget_type=\"text-editor.default\">\n\t\t\t\t<div class=\"elementor-widget-container\">\n\t\t\t\t\t\t\t\t\t<p>Aborder les questions de migration, de d\u00e9placement et de r\u00e9installation planifi\u00e9e dans un contexte de changement climatique<\/p>\n\t\t\t\t\t\t\t\t<\/div>\n\t\t\t\t<\/div>\n\t\t\t\t<\/div>\n\t\t\t\t<\/div>\n\t\t<div class=\"elementor-element elementor-element-a9609ea elementor-hidden-widescreen elementor-hidden-desktop e-flex e-con-boxed e-con e-parent\" data-id=\"a9609ea\" data-element_type=\"container\" data-settings=\"{&quot;background_background&quot;:&quot;classic&quot;}\">\n\t\t\t\t\t<div class=\"e-con-inner\">\n\t\t<div class=\"elementor-element elementor-element-8c5a754 e-con-full e-flex e-con e-child\" data-id=\"8c5a754\" data-element_type=\"container\" data-settings=\"{&quot;background_background&quot;:&quot;classic&quot;}\">\n\t\t\t\t<\/div>\n\t\t<div class=\"elementor-element elementor-element-e0f0cb8 e-con-full e-flex e-con e-child\" data-id=\"e0f0cb8\" data-element_type=\"container\" data-settings=\"{&quot;background_background&quot;:&quot;classic&quot;}\">\n\t\t\t\t<div class=\"elementor-element elementor-element-a1db799 elementor-widget elementor-widget-image\" data-id=\"a1db799\" data-element_type=\"widget\" data-widget_type=\"image.default\">\n\t\t\t\t<div class=\"elementor-widget-container\">\n\t\t\t\t\t\t\t\t\t\t\t\t\t\t\t<img loading=\"lazy\" decoding=\"async\" width=\"500\" height=\"500\" src=\"https:\/\/www.adaptationcommunity.net\/wp-content\/uploads\/2025\/11\/Adaptation-Community_Icons_RGB_Climate-Change-and-Migration-Plain.svg\" class=\"attachment-large size-large wp-image-52802\" alt=\"\" \/>\t\t\t\t\t\t\t\t\t\t\t\t\t\t\t<\/div>\n\t\t\t\t<\/div>\n\t\t\t\t<div class=\"elementor-element elementor-element-e76c154 elementor-widget elementor-widget-heading\" data-id=\"e76c154\" data-element_type=\"widget\" data-widget_type=\"heading.default\">\n\t\t\t\t<div class=\"elementor-widget-container\">\n\t\t\t\t\t<h2 class=\"elementor-heading-title elementor-size-default\">Mobilit\u00e9 humaine li\u00e9e au changement climatique<\/h2>\t\t\t\t<\/div>\n\t\t\t\t<\/div>\n\t\t\t\t<div class=\"elementor-element elementor-element-22fc96c elementor-widget elementor-widget-text-editor\" data-id=\"22fc96c\" data-element_type=\"widget\" data-widget_type=\"text-editor.default\">\n\t\t\t\t<div class=\"elementor-widget-container\">\n\t\t\t\t\t\t\t\t\t<p>Aborder les questions de migration, de d\u00e9placement et de r\u00e9installation planifi\u00e9e dans un contexte de changement climatique<\/p>\n\t\t\t\t\t\t\t\t<\/div>\n\t\t\t\t<\/div>\n\t\t\t\t<\/div>\n\t\t\t\t\t<\/div>\n\t\t\t\t<\/div>\n\t\t\t\t<\/div>\n\t\t\t\t<\/div>\n\t\t\t\t\t\t<\/div>\n\t\t\t\t<\/div>\n\t\t\t\t<\/div>\n\t\t<div class=\"elementor-element elementor-element-2255403 e-flex e-con-boxed e-con e-parent\" data-id=\"2255403\" data-element_type=\"container\" data-settings=\"{&quot;shape_divider_bottom&quot;:&quot;split&quot;}\">\n\t\t\t\t\t<div class=\"e-con-inner\">\n\t\t\t\t<div class=\"elementor-shape elementor-shape-bottom\" aria-hidden=\"true\" data-negative=\"false\">\n\t\t\t<svg xmlns=\"http:\/\/www.w3.org\/2000\/svg\" viewBox=\"0 0 1000 20\" preserveAspectRatio=\"none\">\n\t<path class=\"elementor-shape-fill\" d=\"M0,0v3c0,0,393.8,0,483.4,0c9.2,0,16.6,7.4,16.6,16.6c0-9.1,7.4-16.6,16.6-16.6C606.2,3,1000,3,1000,3V0H0z\"\/>\n<\/svg>\t\t<\/div>\n\t\t\t\t<div class=\"elementor-element elementor-element-1501251 elementor-widget__width-initial elementor-widget-mobile__width-inherit elementor-widget elementor-widget-text-editor\" data-id=\"1501251\" data-element_type=\"widget\" data-widget_type=\"text-editor.default\">\n\t\t\t\t<div class=\"elementor-widget-container\">\n\t\t\t\t\t\t\t\t\tLes personnes qui souffrent des impacts du changement climatique d\u00e9cident souvent de quitter leur domicile ou sont d\u00e9plac\u00e9es contre leur volont\u00e9. La migration peut constituer une strat\u00e9gie d\u2019adaptation face aux \u00e9v\u00e9nements m\u00e9t\u00e9orologiques extr\u00eames et aux impacts progressifs du changement climatique, car elle permet de se rendre dans des lieux plus s\u00fbrs ou de diversifier ses moyens de subsistance. La mobilit\u00e9 humaine li\u00e9e au changement climatique couvre les migrations, les d\u00e9placements et les r\u00e9installations planifi\u00e9es.\t\t\t\t\t\t\t\t<\/div>\n\t\t\t\t<\/div>\n\t\t\t\t\t<\/div>\n\t\t\t\t<\/div>\n\t\t<div class=\"elementor-element elementor-element-b840d1d e-con-full e-flex e-con e-parent\" data-id=\"b840d1d\" data-element_type=\"container\">\n\t\t<div class=\"elementor-element elementor-element-c338252 e-con-full e-flex e-con e-child\" data-id=\"c338252\" data-element_type=\"container\">\n\t\t\t\t<div class=\"elementor-element elementor-element-8459677 elementor-widget elementor-widget-accordion\" data-id=\"8459677\" data-element_type=\"widget\" data-widget_type=\"accordion.default\">\n\t\t\t\t<div class=\"elementor-widget-container\">\n\t\t\t\t\t\t\t<div class=\"elementor-accordion\">\n\t\t\t\t\t\t\t<div class=\"elementor-accordion-item\">\n\t\t\t\t\t<div id=\"elementor-tab-title-1381\" class=\"elementor-tab-title\" data-tab=\"1\" role=\"button\" aria-controls=\"elementor-tab-content-1381\" aria-expanded=\"false\">\n\t\t\t\t\t\t\t\t\t\t\t\t\t<span class=\"elementor-accordion-icon elementor-accordion-icon-right\" aria-hidden=\"true\">\n\t\t\t\t\t\t\t\t\t\t\t\t\t\t\t<span class=\"elementor-accordion-icon-closed\"><svg xmlns=\"http:\/\/www.w3.org\/2000\/svg\" id=\"Layer_1\" viewBox=\"0 0 100 100\"><path fill=\"#00494b\" d=\"M22.6.2v99.8s2-49.7,56.2-49.7C24.6,50.2,22.6.2,22.6.2Z\"><\/path><\/svg><\/span>\n\t\t\t\t\t\t\t\t<span class=\"elementor-accordion-icon-opened\"><svg xmlns=\"http:\/\/www.w3.org\/2000\/svg\" id=\"Layer_1\" viewBox=\"0 0 100 100\"><defs><style>      .st0 {        fill: #00b9b4;      }    <\/style><\/defs><path class=\"st0\" d=\"M99.9,21.9H.1s49.7,2,49.7,56.2c0-54.2,50.1-56.2,50.1-56.2Z\"><\/path><\/svg><\/span>\n\t\t\t\t\t\t\t\t\t\t\t\t\t\t<\/span>\n\t\t\t\t\t\t\t\t\t\t\t\t<a class=\"elementor-accordion-title\" tabindex=\"0\">Qu\u2019est-ce que la mobilit\u00e9 humaine induite par le climat\u00a0?<\/a>\n\t\t\t\t\t<\/div>\n\t\t\t\t\t<div id=\"elementor-tab-content-1381\" class=\"elementor-tab-content elementor-clearfix\" data-tab=\"1\" role=\"region\" aria-labelledby=\"elementor-tab-title-1381\"><p class=\"p1\">La circulation des personnes fait depuis toujours partie de l\u2019organisation sociale et de l\u2019exp\u00e9rience de nombreuses communaut\u00e9s du monde. G\u00e9n\u00e9ralement, les populations se d\u00e9placent pour diff\u00e9rentes raisons et il existe diff\u00e9rents modes et diff\u00e9rentes cat\u00e9gories de mobilit\u00e9 humaine. Les conflits, les pers\u00e9cutions et les catastrophes (naturelles, li\u00e9es au climat ou induites par le d\u00e9veloppement) ont toujours \u00e9t\u00e9 des causes majeures de d\u00e9placement et de migration, mais certaines personnes se d\u00e9placent \u00e9galement en tant que travailleurs migrants ou en r\u00e9ponse \u00e0 l\u2019\u00e9volution des conditions environnementales.\u00a0Le ph\u00e9nom\u00e8ne de la migration et du d\u00e9placement est donc complexe et motiv\u00e9 par de nombreux facteurs interconnect\u00e9s. Le cinqui\u00e8me rapport d\u2019\u00e9valuation du Groupe d\u2019experts intergouvernemental sur l\u2019\u00e9volution du climat (GIEC) confirme que le changement climatique aura un impact significatif sur la mobilit\u00e9 humaine. De plus en plus intenses et fr\u00e9quents, les \u00e9v\u00e9nements m\u00e9t\u00e9orologiques extr\u00eames tels que les temp\u00eates, les inondations, les s\u00e9cheresses et les vagues de chaleur, ainsi que les ph\u00e9nom\u00e8nes \u00e0 \u00e9volution lente comme l\u2019\u00e9l\u00e9vation du niveau des mers et la hausse des temp\u00e9ratures, ont tous des effets \u00e0 long terme sur la sant\u00e9, la s\u00e9curit\u00e9 et la situation \u00e9conomique des populations affect\u00e9es.<\/p><p class=\"p1\">La relation entre changement climatique et mobilit\u00e9 humaine est complexe. Face \u00e0 l\u2019\u00e9volution progressive du climat, certaines personnes choisissent la migration comme moyen d\u2019adaptation. Les \u00e9v\u00e9nements m\u00e9t\u00e9orologiques extr\u00eames peuvent forcer certaines populations \u00e0 se d\u00e9placer au sein de leur propre pays ou au-del\u00e0 des fronti\u00e8res, tandis que d\u2019autres personnes qui ressentent le besoin et le d\u00e9sir de migrer mais n\u2019en ont pas la possibilit\u00e9 se retrouvent \u00ab\u00a0pi\u00e9g\u00e9es\u00a0\u00bb dans des zones vuln\u00e9rables. La mobilit\u00e9 humaine induite par le climat est une expression g\u00e9n\u00e9rale qui fait r\u00e9f\u00e9rence \u00e0 tous les aspects de la circulation des personnes dus \u00e0 des \u00e9v\u00e9nements li\u00e9s au changement climatique, qu\u2019ils soient soudains ou qu\u2019ils se manifestent lentement. La Convention-cadre des Nations unies sur les changements climatiques (CCNUCC) fait la distinction entre trois types de mobilit\u00e9 humaine induite par le climat\u00a0: migration, d\u00e9placement et r\u00e9installation planifi\u00e9e.<\/p><table class=\"t1\" cellspacing=\"0\" cellpadding=\"0\"><tbody><tr><td class=\"td1\" colspan=\"3\" valign=\"top\"><p class=\"p3\"><b>Mobilit\u00e9 humaine induite par le climat<\/b><\/p><\/td><\/tr><tr><td class=\"td2\" valign=\"top\"><p class=\"p3\"><b>Migration<\/b><\/p><\/td><td class=\"td2\" valign=\"top\"><p class=\"p3\"><b>D\u00e9placement<\/b><\/p><\/td><td class=\"td2\" valign=\"top\"><p class=\"p3\"><b>R\u00e9installation planifi\u00e9e<\/b><\/p><\/td><\/tr><tr><td class=\"td3\" valign=\"top\"><p class=\"p4\">Les personnes migrent lorsqu\u2019elles disposent des ressources et des capacit\u00e9s n\u00e9cessaires pour le faire. Il s\u2019agit g\u00e9n\u00e9ralement d\u2019une d\u00e9cision plus ou moins volontaire prise par un individu ou par une famille. La migration induite par le climat est g\u00e9n\u00e9ralement interne, c\u2019est-\u00e0-dire \u00e0 l\u2019int\u00e9rieur du pays. M\u00eame lorsque des \u00e9v\u00e9nements extr\u00eames ou des changements climatiques \u00e0 \u00e9volution lente provoquent une migration transfrontali\u00e8re, la plupart des personnes concern\u00e9es migrent au sein de la m\u00eame r\u00e9gion.<\/p><\/td><td class=\"td3\" valign=\"top\"><p class=\"p4\">Il s\u2019agit souvent d\u2019un processus en vertu duquel des personnes sont oblig\u00e9es de quitter leur lieu de r\u00e9sidence habituel en r\u00e9action \u00e0 des \u00e9v\u00e9nements m\u00e9t\u00e9orologiques extr\u00eames tels que des s\u00e9cheresses, des inondations ou des cyclones. Le ph\u00e9nom\u00e8ne se produit g\u00e9n\u00e9ralement \u00e0 l\u2019\u00e9chelle de communaut\u00e9s plut\u00f4t que de foyers individuels.\u00a0M\u00eame si elle est principalement interne, la migration peut \u00e9galement \u00eatre transfrontali\u00e8re. Elle est temporaire ou permanente.<\/p><\/td><td class=\"td3\" valign=\"top\"><p class=\"p4\">La r\u00e9installation planifi\u00e9e est un processus organis\u00e9, qui est g\u00e9n\u00e9ralement initi\u00e9, supervis\u00e9 et r\u00e9alis\u00e9 par un gouvernement. Elle se fait en r\u00e9ponse au risque que les communaut\u00e9s affect\u00e9es perdent leurs habitations en raison des impacts n\u00e9gatifs du changement climatique. La r\u00e9installation planifi\u00e9e doit toujours \u00eatre consid\u00e9r\u00e9e comme un dernier recours et doit, pour r\u00e9ussir, \u00eatre organis\u00e9e avec l\u2019implication \u00e9troite des communaut\u00e9s affect\u00e9es et des communaut\u00e9s h\u00f4tes.<\/p><\/td><\/tr><\/tbody><\/table><\/div>\n\t\t\t\t<\/div>\n\t\t\t\t\t\t\t<div class=\"elementor-accordion-item\">\n\t\t\t\t\t<div id=\"elementor-tab-title-1382\" class=\"elementor-tab-title\" data-tab=\"2\" role=\"button\" aria-controls=\"elementor-tab-content-1382\" aria-expanded=\"false\">\n\t\t\t\t\t\t\t\t\t\t\t\t\t<span class=\"elementor-accordion-icon elementor-accordion-icon-right\" aria-hidden=\"true\">\n\t\t\t\t\t\t\t\t\t\t\t\t\t\t\t<span class=\"elementor-accordion-icon-closed\"><svg xmlns=\"http:\/\/www.w3.org\/2000\/svg\" id=\"Layer_1\" viewBox=\"0 0 100 100\"><path fill=\"#00494b\" d=\"M22.6.2v99.8s2-49.7,56.2-49.7C24.6,50.2,22.6.2,22.6.2Z\"><\/path><\/svg><\/span>\n\t\t\t\t\t\t\t\t<span class=\"elementor-accordion-icon-opened\"><svg xmlns=\"http:\/\/www.w3.org\/2000\/svg\" id=\"Layer_1\" viewBox=\"0 0 100 100\"><defs><style>      .st0 {        fill: #00b9b4;      }    <\/style><\/defs><path class=\"st0\" d=\"M99.9,21.9H.1s49.7,2,49.7,56.2c0-54.2,50.1-56.2,50.1-56.2Z\"><\/path><\/svg><\/span>\n\t\t\t\t\t\t\t\t\t\t\t\t\t\t<\/span>\n\t\t\t\t\t\t\t\t\t\t\t\t<a class=\"elementor-accordion-title\" tabindex=\"0\">En quoi le changement climatique affecte-t-il la mobilit\u00e9\u00a0?<\/a>\n\t\t\t\t\t<\/div>\n\t\t\t\t\t<div id=\"elementor-tab-content-1382\" class=\"elementor-tab-content elementor-clearfix\" data-tab=\"2\" role=\"region\" aria-labelledby=\"elementor-tab-title-1382\"><p>M\u00eame si l\u2019ampleur exacte des impacts du changement climatique sur la migration continue \u00e0 faire d\u00e9bat, tout le monde s\u2019accorde pour dire que le changement climatique a d\u00e9j\u00e0 eu (et continuera certainement \u00e0 avoir) des effets n\u00e9gatifs sur les conditions socio-\u00e9conomiques et qu\u2019il nuit donc \u00e0 la capacit\u00e9 des individus et des soci\u00e9t\u00e9s \u00e0 g\u00e9rer ou \u00e0 s\u2019adapter aux risques du changement climatique. Lorsque les moyens de subsistance sont compromis, la r\u00e9silience diminue, avec des impacts n\u00e9gatifs sur la s\u00e9curit\u00e9 alimentaire, hydrique et \u00e9conomique : les pr\u00e9visions montrent qu\u2019un nombre croissant de personnes risquent d\u2019\u00eatre d\u00e9plac\u00e9es ou de d\u00e9cider de migrer ou de d\u00e9m\u00e9nager dans un avenir proche en r\u00e9action \u00e0 ce probl\u00e8me. La rivalit\u00e9 potentielle autour de ressources limit\u00e9es dans les r\u00e9gions de destination des migrants et des personnes d\u00e9plac\u00e9es pourrait accro\u00eetre les risques de conflit violent, avec des implications pour la s\u00e9curit\u00e9 humaine.<\/p><p>Quels \u00e9l\u00e9ments influencent une d\u00e9cision de mobilit\u00e9 humaine ?<\/p><p>Les facteurs qui influencent la d\u00e9cision de migration sont complexes et le changement climatique a un impact sur de multiples ressorts de la migration \u00e0 diff\u00e9rents niveaux. Les impacts li\u00e9s au changement climatique, tels que l\u2019\u00e9l\u00e9vation du niveau des mers, la modification des r\u00e9gimes pluviom\u00e9triques et la hausse des temp\u00e9ratures, se conjuguent \u00e0 des contraintes existantes (probl\u00e8mes socio-\u00e9conomiques, politiques, d\u00e9mographiques et environnementaux), ce qui ne fait qu\u2019exacerber les vuln\u00e9rabilit\u00e9s et les pressions. D\u2019autres facilitateurs et d\u2019autres obstacles (cadres politiques et juridiques ou r\u00e9seaux sociaux au niveau m\u00e9so), ainsi que certaines caract\u00e9ristiques des individus ou des foyers telles que l\u2019\u00e2ge, l\u2019\u00e9ducation et les pr\u00e9f\u00e9rences, peuvent \u00e9galement influencer la d\u00e9cision de d\u00e9placement au niveau micro. (voir figure ci-dessous.)<a href=\"https:\/\/www.adaptationcommunity.net\/wp-content\/uploads\/2025\/04\/Sans-titre.png\"><img loading=\"lazy\" decoding=\"async\" class=\"aligncenter size-full wp-image-39205\" src=\"https:\/\/www.adaptationcommunity.net\/wp-content\/uploads\/2025\/04\/Sans-titre.png\" alt=\"\" width=\"1868\" height=\"921\" srcset=\"https:\/\/www.adaptationcommunity.net\/wp-content\/uploads\/2025\/04\/Sans-titre.png 1868w, https:\/\/www.adaptationcommunity.net\/wp-content\/uploads\/2025\/04\/Sans-titre-300x148.png 300w, https:\/\/www.adaptationcommunity.net\/wp-content\/uploads\/2025\/04\/Sans-titre-1024x505.png 1024w, https:\/\/www.adaptationcommunity.net\/wp-content\/uploads\/2025\/04\/Sans-titre-768x379.png 768w, https:\/\/www.adaptationcommunity.net\/wp-content\/uploads\/2025\/04\/Sans-titre-1536x757.png 1536w\" sizes=\"auto, (max-width: 1868px) 100vw, 1868px\" \/><\/a><\/p><p><i>Diagramme personnel bas\u00e9 sur le <\/i><a href=\"https:\/\/assets.publishing.service.gov.uk\/government\/uploads\/system\/uploads\/attachment_data\/file\/287717\/11-1116-migration-and-global-environmental-change.pdf\" target=\"_blank\" rel=\"noopener\"><i>rapport Foresight 2011<\/i><\/a><i>, p.\u00a021<\/i><\/p><p>Outre leur interaction avec les vuln\u00e9rabilit\u00e9s et les facteurs existants, les impacts du changement climatique peuvent \u00e9galement avoir une influence cruciale sur la circulation des personnes. L\u2019\u00e9l\u00e9vation du niveau des mers rend les zones c\u00f4ti\u00e8res de faible altitude inhabitables et peut entra\u00eener une perte de territoire, ce qui rend le d\u00e9placement in\u00e9vitable. En cas de d\u00e9placement induit par une catastrophe, le principal d\u00e9clencheur du mouvement est souvent associ\u00e9 \u00e0 une catastrophe sp\u00e9cifique comme un ouragan.<\/p><p>Le changement climatique peut \u00eatre un catalyseur de la mobilit\u00e9 humaine, mais il peut aussi l\u2019emp\u00eacher en sapant les moyens de subsistance. De nombreuses personnes, particuli\u00e8rement celles qui sont d\u00e9j\u00e0 vuln\u00e9rables en raison de facteurs \u00e9conomiques, politiques ou d\u00e9mographiques existants, se retrouvent dans l\u2019incapacit\u00e9 de migrer pour des motifs tels que l\u2019insuffisance de moyens financiers, l\u2019absence de r\u00e9seau d\u2019appui, l\u2019exclusion sociale, les droits politiques limit\u00e9s, le conflit ou l\u2019isolement g\u00e9ographique. Ces \u00ab\u00a0populations pi\u00e9g\u00e9es\u00a0\u00bb deviennent de plus en plus vuln\u00e9rables car les dommages li\u00e9s au changement climatique continuent \u00e0 fragiliser leurs moyens de subsistance.<\/p><p>Pr\u00e9visions\u00a0: est-il possible de pr\u00e9dire le nombre de personnes qui migreront \u00e0 l\u2019avenir\u00a0?<\/p><p>M\u00eame si le lien entre mobilit\u00e9 humaine et changement climatique est clairement \u00e9tabli, il est difficile de faire des estimations fiables. Les projections d\u2019avenir varient fortement en raison de la complexit\u00e9 et des causes multiples de la mobilit\u00e9 humaine ainsi que des incertitudes qui entourent l\u2019ampleur des futurs impacts du changement climatique. Tous les acteurs s\u2019entendent toutefois pour dire que le nombre de personnes qui se d\u00e9placent risque d\u2019augmenter dans les d\u00e9cennies \u00e0 venir.<\/p><p>La majeure partie de la mobilit\u00e9 humaine induite par le climat est jusqu\u2019\u00e0 pr\u00e9sent rest\u00e9e confin\u00e9e aux fronti\u00e8res nationales et il est probable que cela perdurera \u00e0 l\u2019avenir. Le <a href=\"https:\/\/www.banquemondiale.org\/fr\/news\/infographic\/2018\/03\/19\/groundswell---preparing-for-internal-climate-migration\" target=\"_blank\" rel=\"noopener\">rapport Groundswell<\/a> pr\u00e9voit qu\u2019en l\u2019absence d\u2019actions mondiales et nationales ambitieuses pour r\u00e9duire les gaz \u00e0 effet de serre et att\u00e9nuer les effets du changement climatique, l\u2019Afrique subsaharienne, l\u2019Asie du Sud et l\u2019Am\u00e9rique latine pourraient \u00eatre confront\u00e9es \u00e0 la migration de plus de 140\u00a0millions de personnes au sein des fronti\u00e8res de leurs pays d\u2019ici \u00e0 2050. La majorit\u00e9 de la migration int\u00e9rieure est temporaire et il est probable que les individus rejoindront leur domicile d\u00e8s que possible, comme cela se produit souvent apr\u00e8s des \u00e9v\u00e9nements m\u00e9t\u00e9orologiques extr\u00eames ou des catastrophes naturelles.<\/p><\/div>\n\t\t\t\t<\/div>\n\t\t\t\t\t\t\t<div class=\"elementor-accordion-item\">\n\t\t\t\t\t<div id=\"elementor-tab-title-1383\" class=\"elementor-tab-title\" data-tab=\"3\" role=\"button\" aria-controls=\"elementor-tab-content-1383\" aria-expanded=\"false\">\n\t\t\t\t\t\t\t\t\t\t\t\t\t<span class=\"elementor-accordion-icon elementor-accordion-icon-right\" aria-hidden=\"true\">\n\t\t\t\t\t\t\t\t\t\t\t\t\t\t\t<span class=\"elementor-accordion-icon-closed\"><svg xmlns=\"http:\/\/www.w3.org\/2000\/svg\" id=\"Layer_1\" viewBox=\"0 0 100 100\"><path fill=\"#00494b\" d=\"M22.6.2v99.8s2-49.7,56.2-49.7C24.6,50.2,22.6.2,22.6.2Z\"><\/path><\/svg><\/span>\n\t\t\t\t\t\t\t\t<span class=\"elementor-accordion-icon-opened\"><svg xmlns=\"http:\/\/www.w3.org\/2000\/svg\" id=\"Layer_1\" viewBox=\"0 0 100 100\"><defs><style>      .st0 {        fill: #00b9b4;      }    <\/style><\/defs><path class=\"st0\" d=\"M99.9,21.9H.1s49.7,2,49.7,56.2c0-54.2,50.1-56.2,50.1-56.2Z\"><\/path><\/svg><\/span>\n\t\t\t\t\t\t\t\t\t\t\t\t\t\t<\/span>\n\t\t\t\t\t\t\t\t\t\t\t\t<a class=\"elementor-accordion-title\" tabindex=\"0\">La migration peut-elle constituer une strat\u00e9gie d\u2019adaptation r\u00e9ussie\u00a0?<\/a>\n\t\t\t\t\t<\/div>\n\t\t\t\t\t<div id=\"elementor-tab-content-1383\" class=\"elementor-tab-content elementor-clearfix\" data-tab=\"3\" role=\"region\" aria-labelledby=\"elementor-tab-title-1383\"><p>La migration est souvent consid\u00e9r\u00e9e comme une incapacit\u00e9 \u00e0 s\u2019adapter \u00e0 l\u2019\u00e9volution de l\u2019environnement. Mais elle peut aussi \u00eatre utilis\u00e9e comme strat\u00e9gie proactive de r\u00e9sistance au changement climatique. La migration est d\u2019ailleurs une strat\u00e9gie d\u2019adaptation traditionnellement utilis\u00e9e depuis des si\u00e8cles et les populations ont toujours eu recours \u00e0 la migration \u00e0 long terme ou \u00e0 court terme pour s\u2019adapter au stress climatique. Par exemple, les moyens de subsistance des soci\u00e9t\u00e9s pastorales nomades ont toujours fait de la mobilit\u00e9 un outil pour g\u00e9rer la variabilit\u00e9 climatique. Pour comprendre l\u2019utilisation de la migration induite par le climat comme strat\u00e9gie de pr\u00e9vention et de r\u00e9duction des risques climatiques, il faut partir du principe qu\u2019elle a toujours fait partie des processus migratoires.<\/p><p class=\"p1\">La migration ne doit pas toujours \u00eatre consid\u00e9r\u00e9e comme un dernier recours face aux impacts n\u00e9gatifs du climat\u00a0; il peut \u00e9galement s\u2019agir d\u2019une d\u00e9cision d\u00e9lib\u00e9r\u00e9e qui permettra aux migrants de r\u00e9duire leur vuln\u00e9rabilit\u00e9 aux impacts du changement climatique. Elle permet de diversifier les moyens de subsistance traditionnels bas\u00e9s sur l\u2019agriculture\u00a0: la migration donne \u00e0 l\u2019individu ou au foyer la possibilit\u00e9 de varier ses sources de revenu, de r\u00e9partir les risques et d\u2019envoyer de l\u2019argent \u00e0 sa famille, ce qui a pour cons\u00e9quence d\u2019am\u00e9liorer la r\u00e9silience dans la r\u00e9gion d\u2019origine.<\/p><p class=\"p1\">Bien g\u00e9r\u00e9e, la migration volontaire peut tout \u00e0 fait devenir une strat\u00e9gie d\u2019adaptation r\u00e9ussie. Les d\u00e9cideurs politiques pourraient envisager d\u2019am\u00e9liorer la capacit\u00e9 d\u2019adaptation des communaut\u00e9s et des foyers vuln\u00e9rables, par exemple, par le biais de programmes d\u2019\u00e9ducation et d\u2019information, afin de leur permettre d\u2019envisager la migration comme un choix \u00e9clair\u00e9.<\/p><p class=\"p1\">La r\u00e9installation planifi\u00e9e doit toujours \u00eatre volontaire et consid\u00e9r\u00e9e comme un dernier recours une fois que l\u2019adaptation s\u00e9curis\u00e9e sur site et toutes les autres options ont \u00e9t\u00e9 \u00e9puis\u00e9es. Lorsqu\u2019elle est in\u00e9vitable, la r\u00e9installation planifi\u00e9e doit \u00eatre con\u00e7ue et mise en \u0153uvre avec l\u2019implication \u00e9troite de la communaut\u00e9 et en tenant compte de ses besoins, de ses droits et de ses aspirations de mani\u00e8re \u00e0 r\u00e9duire la vuln\u00e9rabilit\u00e9 et \u00e0 renforcer la r\u00e9silience.<\/p><\/div>\n\t\t\t\t<\/div>\n\t\t\t\t\t\t\t<div class=\"elementor-accordion-item\">\n\t\t\t\t\t<div id=\"elementor-tab-title-1384\" class=\"elementor-tab-title\" data-tab=\"4\" role=\"button\" aria-controls=\"elementor-tab-content-1384\" aria-expanded=\"false\">\n\t\t\t\t\t\t\t\t\t\t\t\t\t<span class=\"elementor-accordion-icon elementor-accordion-icon-right\" aria-hidden=\"true\">\n\t\t\t\t\t\t\t\t\t\t\t\t\t\t\t<span class=\"elementor-accordion-icon-closed\"><svg xmlns=\"http:\/\/www.w3.org\/2000\/svg\" id=\"Layer_1\" viewBox=\"0 0 100 100\"><path fill=\"#00494b\" d=\"M22.6.2v99.8s2-49.7,56.2-49.7C24.6,50.2,22.6.2,22.6.2Z\"><\/path><\/svg><\/span>\n\t\t\t\t\t\t\t\t<span class=\"elementor-accordion-icon-opened\"><svg xmlns=\"http:\/\/www.w3.org\/2000\/svg\" id=\"Layer_1\" viewBox=\"0 0 100 100\"><defs><style>      .st0 {        fill: #00b9b4;      }    <\/style><\/defs><path class=\"st0\" d=\"M99.9,21.9H.1s49.7,2,49.7,56.2c0-54.2,50.1-56.2,50.1-56.2Z\"><\/path><\/svg><\/span>\n\t\t\t\t\t\t\t\t\t\t\t\t\t\t<\/span>\n\t\t\t\t\t\t\t\t\t\t\t\t<a class=\"elementor-accordion-title\" tabindex=\"0\">Quelles initiatives et quels processus internationaux traitent de la mobilit\u00e9 humaine li\u00e9e au changement climatique?<\/a>\n\t\t\t\t\t<\/div>\n\t\t\t\t\t<div id=\"elementor-tab-content-1384\" class=\"elementor-tab-content elementor-clearfix\" data-tab=\"4\" role=\"region\" aria-labelledby=\"elementor-tab-title-1384\"><p>De mani\u00e8re g\u00e9n\u00e9rale, la politique internationale ne s\u2019int\u00e9resse pas beaucoup \u00e0 la migration et aux d\u00e9placements induits par le changement climatique, par les catastrophes et par d\u2019autres causes environnementales.<\/p><p class=\"p1\">Le r\u00e9cent regain d\u2019int\u00e9r\u00eat international pour cette cause a toutefois culmin\u00e9 avec la reconnaissance des impacts du changement climatique sur la mobilit\u00e9 humaine qui transpara\u00eet dans le Cadre de Canc\u00fan pour l\u2019adaptation de 2010. Le Cadre de Canc\u00fan pour l\u2019adaptation insiste notamment sur la n\u00e9cessit\u00e9 de comprendre, de se coordonner et de coop\u00e9rer sur les questions du d\u00e9placement, de la migration et de la r\u00e9installation planifi\u00e9e induits par le changement climatique au niveau national, r\u00e9gional et international. En 2015, la COP21 de Paris a cr\u00e9\u00e9 une <b>\u00c9quipe sp\u00e9ciale sur les d\u00e9placements de population<\/b>, en vertu du <b>M\u00e9canisme international de Varsovie relatif aux pertes et pr\u00e9judices li\u00e9s aux incidences des changements climatiques<\/b> (WIM), en lui demandant de formuler des recommandations pour lutter contre les effets n\u00e9gatifs du changement climatique sur les d\u00e9placements de population.<\/p><p class=\"p1\">Parmi les autres cadres qui visent \u00e0 renforcer la r\u00e9silience des populations et \u00e0 r\u00e9duire les effets n\u00e9gatifs du changement climatique sur le d\u00e9veloppement figurent notamment le <b>Cadre de Sendai pour la r\u00e9duction des risques de catastrophe <\/b>(2015\u20132030), qui a \u00e9t\u00e9 formul\u00e9 avec l\u2019aide du Bureau des Nations unies pour la pr\u00e9vention des catastrophes (UNDRR, anciennement UNISDR). Cet accord non contraignant s\u2019efforce de lutter contre les catastrophes et leurs impacts, notamment les d\u00e9placements de population. Il vise, pour cela, \u00e0 minimiser les impacts du climat et des catastrophes dans les pays vuln\u00e9rables. Le Cadre de Sendai reconna\u00eet, en particulier, les migrants et les personnes d\u00e9plac\u00e9es comme des parties prenantes cl\u00e9s pour planifier la r\u00e9duction des risques de catastrophes.<\/p><p class=\"p1\">Le Programme de d\u00e9veloppement durable \u00e0 l\u2019horizon 2030 insiste \u00e9galement sur le fait que la gestion de la migration et des d\u00e9placements de population est un facteur crucial de la r\u00e9alisation des <b>Objectifs de d\u00e9veloppement durable<\/b> (ODD) mais n\u2019\u00e9tablit pas de lien direct avec la migration induite par le changement climatique. M\u00eame si l\u2019ODD\u00a013.1 sur l\u2019action climatique appelle \u00e0 renforcer la r\u00e9silience et la capacit\u00e9 d\u2019adaptation aux risques climatiques et aux catastrophes naturelles dans tous les pays, il ne mentionne ni la migration ni les d\u00e9placements de population. Quant aux ODD, bien qu\u2019ils reconnaissent la migration et qu\u2019ils demandent \u00e0 ce qu\u2019elle se fasse de mani\u00e8re s\u00e9curis\u00e9e, ordonn\u00e9e et m\u00e9thodique, ils n\u2019associent pas explicitement migration et changement climatique.<\/p><p class=\"p1\">L\u2019<b>Initiative Nansen <\/b>et la <b>Plateforme sur les d\u00e9placements li\u00e9s aux catastrophes<\/b> (PDD) sont des processus internationaux non contraignants dirig\u00e9s par les \u00c9tats, qui luttent contre l\u2019absence de protection pour les personnes d\u00e9plac\u00e9es vers d\u2019autres pays par les catastrophes li\u00e9es au changement climatique. L\u2019Initiative Nansen \u00e9tait un processus consultatif ascendant qui a impliqu\u00e9 diff\u00e9rentes parties prenantes dans l\u2019\u00e9laboration de recommandations et qui a conduit \u00e0 l\u2019\u00e9laboration et \u00e0 la validation de l\u2019Agenda pour la protection des personnes d\u00e9plac\u00e9es au-del\u00e0 des fronti\u00e8res (Agenda pour la protection). La Plateforme sur les d\u00e9placements li\u00e9s aux catastrophes (PDD) joue un r\u00f4le de coordination pour aider les \u00c9tats \u00e0 pallier le manque de connaissances, \u00e0 promouvoir la coh\u00e9rence politique et \u00e0 int\u00e9grer la mobilit\u00e9 humaine dans la formulation des politiques. Phase de suivi de l\u2019Initiative Nansen, elle avait \u00e9galement pour t\u00e2che de mettre en \u0153uvre les recommandations de l\u2019Agenda pour la protection. Ce dernier identifie trois domaines d\u2019action prioritaires\u00a0: recueillir des donn\u00e9es et consolider les connaissances\u00a0; accro\u00eetre l\u2019utilisation de mesures de protection humanitaire\u00a0; et renforcer la gestion des risques de d\u00e9placements li\u00e9s aux catastrophes dans le pays d\u2019origine (par exemple, en facilitant la migration digne comme moyen positif potentiel de g\u00e9rer les catastrophes et les impacts climatiques et en am\u00e9liorant l\u2019utilisation de la r\u00e9installation planifi\u00e9e comme mesure de pr\u00e9vention ou de r\u00e9ponse aux risques de d\u00e9placement des populations li\u00e9 aux catastrophes).<\/p><p class=\"p1\">Ancr\u00e9 dans l\u2019Agenda 2030 et dans la D\u00e9claration de New York pour les r\u00e9fugi\u00e9s et les migrants, le <b>Pacte mondial pour des migrations s\u00fbres, ordonn\u00e9es et r\u00e9guli\u00e8res<\/b> (Pacte mondial sur les migrations) est peut-\u00eatre le cadre intergouvernemental le plus complet puisqu\u2019il couvre toutes les dimensions de la migration, y compris la migration induite par le climat. M\u00eame si le Pacte mondial sur les migrations est volontaire et non contraignant, ses objectifs reconnaissent l\u2019\u00e9volution des conditions socio-\u00e9conomiques et environnementales et les implications de cette \u00e9volution sur la migration.<\/p><p class=\"p1\">Au nom du minist\u00e8re f\u00e9d\u00e9ral allemand de la Coop\u00e9ration \u00e9conomique et du D\u00e9veloppement (BMZ), le <b>programme mondial de la GIZ \u00ab\u00a0Mobilit\u00e9 humaine dans le contexte du changement climatique\u00a0\u00bb<\/b> (PM MHCCC) s\u2019efforce d\u2019aider ses partenaires \u00e0 g\u00e9rer et \u00e0 mieux comprendre les interconnexions complexes et multicausales entre les diff\u00e9rentes formes de mobilit\u00e9 humaine et le changement climatique, particuli\u00e8rement dans les petits atolls et les \u00c9tats insulaires du Pacifique, des Cara\u00efbes et des Philippines, mais aussi en Afrique subsaharienne. En collaboration avec des partenaires nationaux et r\u00e9gionaux, des organisations non gouvernementales et des universit\u00e9s, le PM MHCCC favorise les \u00e9changes entre tous les acteurs concern\u00e9s. Il s\u2019efforce d\u2019am\u00e9liorer les connaissances appliqu\u00e9es portant sur la gestion durable de la mobilit\u00e9 humaine li\u00e9e au changement climatique dans les r\u00e9gions partenaires.<\/p><\/div>\n\t\t\t\t<\/div>\n\t\t\t\t\t\t\t<div class=\"elementor-accordion-item\">\n\t\t\t\t\t<div id=\"elementor-tab-title-1385\" class=\"elementor-tab-title\" data-tab=\"5\" role=\"button\" aria-controls=\"elementor-tab-content-1385\" aria-expanded=\"false\">\n\t\t\t\t\t\t\t\t\t\t\t\t\t<span class=\"elementor-accordion-icon elementor-accordion-icon-right\" aria-hidden=\"true\">\n\t\t\t\t\t\t\t\t\t\t\t\t\t\t\t<span class=\"elementor-accordion-icon-closed\"><svg xmlns=\"http:\/\/www.w3.org\/2000\/svg\" id=\"Layer_1\" viewBox=\"0 0 100 100\"><path fill=\"#00494b\" d=\"M22.6.2v99.8s2-49.7,56.2-49.7C24.6,50.2,22.6.2,22.6.2Z\"><\/path><\/svg><\/span>\n\t\t\t\t\t\t\t\t<span class=\"elementor-accordion-icon-opened\"><svg xmlns=\"http:\/\/www.w3.org\/2000\/svg\" id=\"Layer_1\" viewBox=\"0 0 100 100\"><defs><style>      .st0 {        fill: #00b9b4;      }    <\/style><\/defs><path class=\"st0\" d=\"M99.9,21.9H.1s49.7,2,49.7,56.2c0-54.2,50.1-56.2,50.1-56.2Z\"><\/path><\/svg><\/span>\n\t\t\t\t\t\t\t\t\t\t\t\t\t\t<\/span>\n\t\t\t\t\t\t\t\t\t\t\t\t<a class=\"elementor-accordion-title\" tabindex=\"0\">Pourquoi a-t-on besoin d\u2019actions politiques et de recherche (suppl\u00e9mentaires) au sein du nexus climat-migration?<\/a>\n\t\t\t\t\t<\/div>\n\t\t\t\t\t<div id=\"elementor-tab-content-1385\" class=\"elementor-tab-content elementor-clearfix\" data-tab=\"5\" role=\"region\" aria-labelledby=\"elementor-tab-title-1385\"><p>Avec une augmentation de ses effects n\u00e9fastes, le changement climatique continuera \u00e0 avoir des impacts significatifs sur la mobilit\u00e9 humaine et une influence majeure sur les d\u00e9cisions des populations de quitter leurs domiciles. Ces impacts comprennent notamment la perte de terres et de moyens de subsistance et des dommages lourds et r\u00e9currents aux infrastructures. Dans certains cas, ils peuvent impliquer une perte d\u2019int\u00e9grit\u00e9 territoriale, de souverainet\u00e9, d\u2019identit\u00e9 et de culture. M\u00eame si l\u2019ensemble des n\u00e9gotiations de la Convention-cadre des Nations unies sur les changements climatiques reconna\u00eet, dans le Cadre de l\u2019adaptation de Canc\u00fan, la migration induite par le climat comme une strat\u00e9gie d\u2019adaptation efficace, les cadres politiques internationaux existants ne fournissent pas suffisamment d\u2019assistance et de protection aux populations qui se d\u00e9placent en raison des effets du changement climatique. Par exemple, la Convention de Gen\u00e8ve relative au statut des r\u00e9fugi\u00e9s et son Protocole de 1967 ne reconnaissent pas le changement climatique comme un motif d\u2019octroi du statut de r\u00e9fugi\u00e9. En outre, au niveau national, il existe tr\u00e8s peu d\u2019exemples de cadres juridiques offrant une protection aux \u00ab\u00a0migrants climatiques\u00a0\u00bb et appuyant leur r\u00e9installation dans le respect de leurs besoins. Actuellement, les gouvernements et les organisations r\u00e9gionales des pays les plus touch\u00e9s par le changement climatique, ainsi que la coop\u00e9ration internationale au d\u00e9veloppement, n\u2019ont pas suffisamment de connaissances et d\u2019exp\u00e9rience pour \u00e9laborer une approche de la mobilit\u00e9 humaine li\u00e9e au changement climatique qui soit ax\u00e9e sur le d\u00e9veloppement. Un des principaux probl\u00e8mes r\u00e9side dans le manque de preuves empiriques pouvant expliquer \u00e0 quel degr\u00e9, o\u00f9, pourquoi et sur quelle dur\u00e9e la mobilit\u00e9 humaine aura lieu et \u00e0 quoi les sc\u00e9narios futurs pourraient ressembler. La plupart des m\u00e9thodes de recherche existantes ne parviennent pas \u00e0 rendre compte avec pr\u00e9cision de la complexit\u00e9 des d\u00e9cisions de migration. Des mod\u00e8les de migration climatique am\u00e9lior\u00e9s et plus complets sont n\u00e9cessaires pour combler ces lacunes. Il est donc crucial, pour r\u00e9ussir \u00e0 \u00e9laborer de tels sc\u00e9narios d\u2019impacts climatiques, de collecter des donn\u00e9es sur les flux migratoires pass\u00e9s et pr\u00e9sents.<\/p><p class=\"p1\">La planification de l\u2019avenir et l\u2019\u00e9laboration de mesures d\u2019adaptation et de r\u00e9ponses politiques strat\u00e9giques et efficaces n\u00e9cessitent donc de plus amples travaux de recherche et une meilleure mod\u00e9lisation afin de mieux comprendre les diff\u00e9rents sch\u00e9mas de mobilit\u00e9 et leurs liens avec les chocs et les facteurs de stress induits par le climat.<\/p><\/div>\n\t\t\t\t<\/div>\n\t\t\t\t\t\t\t<div class=\"elementor-accordion-item\">\n\t\t\t\t\t<div id=\"elementor-tab-title-1386\" class=\"elementor-tab-title\" data-tab=\"6\" role=\"button\" aria-controls=\"elementor-tab-content-1386\" aria-expanded=\"false\">\n\t\t\t\t\t\t\t\t\t\t\t\t\t<span class=\"elementor-accordion-icon elementor-accordion-icon-right\" aria-hidden=\"true\">\n\t\t\t\t\t\t\t\t\t\t\t\t\t\t\t<span class=\"elementor-accordion-icon-closed\"><svg xmlns=\"http:\/\/www.w3.org\/2000\/svg\" id=\"Layer_1\" viewBox=\"0 0 100 100\"><path fill=\"#00494b\" d=\"M22.6.2v99.8s2-49.7,56.2-49.7C24.6,50.2,22.6.2,22.6.2Z\"><\/path><\/svg><\/span>\n\t\t\t\t\t\t\t\t<span class=\"elementor-accordion-icon-opened\"><svg xmlns=\"http:\/\/www.w3.org\/2000\/svg\" id=\"Layer_1\" viewBox=\"0 0 100 100\"><defs><style>      .st0 {        fill: #00b9b4;      }    <\/style><\/defs><path class=\"st0\" d=\"M99.9,21.9H.1s49.7,2,49.7,56.2c0-54.2,50.1-56.2,50.1-56.2Z\"><\/path><\/svg><\/span>\n\t\t\t\t\t\t\t\t\t\t\t\t\t\t<\/span>\n\t\t\t\t\t\t\t\t\t\t\t\t<a class=\"elementor-accordion-title\" tabindex=\"0\">O\u00f9 trouver de plus amples informations?<\/a>\n\t\t\t\t\t<\/div>\n\t\t\t\t\t<div id=\"elementor-tab-content-1386\" class=\"elementor-tab-content elementor-clearfix\" data-tab=\"6\" role=\"region\" aria-labelledby=\"elementor-tab-title-1386\"><p>D\u2019autres informations sur des <span class=\"s1\">exemples pratiques<\/span> [ajouter un hyperlien] d\u2019activit\u00e9s li\u00e9es \u00e0 la migration et au changement climatique ainsi que diff\u00e9rentes <span class=\"s1\">publications<\/span> [ajouter un hyperlien] sont disponibles sur ce site Internet. Voir \u00e9galement les sites Internet et les publications cl\u00e9s ci-dessous\u00a0:<\/p><ul class=\"ul1\"><li class=\"li2\"><span class=\"s2\"><a href=\"https:\/\/www.routledge.com\/The-Atlas-of-Environmental-Migration\/Ionesco-Mokhnacheva-Gemenne\/p\/book\/9781138022065\" target=\"_blank\" rel=\"noopener\"><span class=\"s3\">The Atlas of Environmental Migration<\/span><\/a><\/span><\/li><li class=\"li2\"><span class=\"s2\"><a href=\"https:\/\/www.banquemondiale.org\/fr\/news\/infographic\/2018\/03\/19\/groundswell---preparing-for-internal-climate-migration\" target=\"_blank\" rel=\"noopener\"><span class=\"s3\">Groundswell\u00a0: Se pr\u00e9parer aux migrations climatiques internes<\/span><\/a><\/span><\/li><li class=\"li2\"><span class=\"s2\"><a href=\"https:\/\/assets.publishing.service.gov.uk\/government\/uploads\/system\/uploads\/attachment_data\/file\/287717\/11-1116-migration-and-global-environmental-change.pdf\" target=\"_blank\" rel=\"noopener\"><span class=\"s3\">Foresight Report: Migration and Global Environmental Change<\/span><\/a><\/span><\/li><li class=\"li2\"><span class=\"s2\"><a href=\"https:\/\/environmentalmigration.iom.int\/fr\" target=\"_blank\" rel=\"noopener\"><span class=\"s3\">Portail sur la migration environnementale<\/span><\/a><\/span><\/li><\/ul><\/div>\n\t\t\t\t<\/div>\n\t\t\t\t\t\t\t\t<\/div>\n\t\t\t\t\t\t<\/div>\n\t\t\t\t<\/div>\n\t\t\t\t<\/div>\n\t\t\t\t<\/div>\n\t\t<div class=\"elementor-element elementor-element-6bec480 e-con-full elementor-hidden-widescreen elementor-hidden-desktop elementor-hidden-tablet elementor-hidden-mobile e-flex e-con e-parent\" data-id=\"6bec480\" data-element_type=\"container\" data-settings=\"{&quot;background_background&quot;:&quot;classic&quot;}\">\n\t\t<div class=\"elementor-element elementor-element-2a0d316 e-con-full e-flex e-con e-child\" data-id=\"2a0d316\" data-element_type=\"container\">\n\t\t\t\t<div class=\"elementor-element elementor-element-8be9936 elementor-widget elementor-widget-heading\" data-id=\"8be9936\" data-element_type=\"widget\" data-widget_type=\"heading.default\">\n\t\t\t\t<div class=\"elementor-widget-container\">\n\t\t\t\t\t<h3 class=\"elementor-heading-title elementor-size-default\">Publications R\u00e9centes<\/h3>\t\t\t\t<\/div>\n\t\t\t\t<\/div>\n\t\t\t\t<\/div>\n\t\t<div class=\"elementor-element elementor-element-2563a18 e-con-full e-flex e-con e-child\" data-id=\"2563a18\" data-element_type=\"container\">\n\t\t\t\t<div class=\"elementor-element elementor-element-7ec1e12 elementor-grid-1 elementor-grid-tablet-1 elementor-grid-mobile-1 elementor-widget elementor-widget-loop-grid\" data-id=\"7ec1e12\" data-element_type=\"widget\" data-settings=\"{&quot;template_id&quot;:35504,&quot;columns&quot;:1,&quot;columns_tablet&quot;:1,&quot;_skin&quot;:&quot;post&quot;,&quot;columns_mobile&quot;:&quot;1&quot;,&quot;edit_handle_selector&quot;:&quot;[data-elementor-type=\\&quot;loop-item\\&quot;]&quot;,&quot;row_gap&quot;:{&quot;unit&quot;:&quot;px&quot;,&quot;size&quot;:&quot;&quot;,&quot;sizes&quot;:[]},&quot;row_gap_widescreen&quot;:{&quot;unit&quot;:&quot;px&quot;,&quot;size&quot;:&quot;&quot;,&quot;sizes&quot;:[]},&quot;row_gap_tablet&quot;:{&quot;unit&quot;:&quot;px&quot;,&quot;size&quot;:&quot;&quot;,&quot;sizes&quot;:[]},&quot;row_gap_mobile&quot;:{&quot;unit&quot;:&quot;px&quot;,&quot;size&quot;:&quot;&quot;,&quot;sizes&quot;:[]}}\" data-widget_type=\"loop-grid.post\">\n\t\t\t\t<div class=\"elementor-widget-container\">\n\t\t\t\t\t\t\t<div class=\"e-loop-nothing-found-message\">\n\t\t<\/div>\n\t\t\t\t\t\t<\/div>\n\t\t\t\t<\/div>\n\t\t\t\t<div class=\"elementor-element elementor-element-fe1adf4 elementor-widget elementor-widget-button\" data-id=\"fe1adf4\" data-element_type=\"widget\" data-widget_type=\"button.default\">\n\t\t\t\t<div class=\"elementor-widget-container\">\n\t\t\t\t\t\t\t\t\t<div class=\"elementor-button-wrapper\">\n\t\t\t\t\t<a class=\"elementor-button elementor-button-link elementor-size-sm\" href=\"https:\/\/www.adaptationcommunity.net\/publications-filter\/?_sft_topics=climate-change-migration\">\n\t\t\t\t\t\t<span class=\"elementor-button-content-wrapper\">\n\t\t\t\t\t\t\t\t\t<span class=\"elementor-button-text\">Toutes les Publications<\/span>\n\t\t\t\t\t<\/span>\n\t\t\t\t\t<\/a>\n\t\t\t\t<\/div>\n\t\t\t\t\t\t\t\t<\/div>\n\t\t\t\t<\/div>\n\t\t\t\t<\/div>\n\t\t\t\t<\/div>\n\t\t<div class=\"elementor-element elementor-element-afb122e e-flex e-con-boxed e-con e-child\" data-id=\"afb122e\" data-element_type=\"container\">\n\t\t\t\t\t<div class=\"e-con-inner\">\n\t\t<div class=\"elementor-element elementor-element-4fa357a e-con-full e-flex e-con e-child\" data-id=\"4fa357a\" data-element_type=\"container\">\n\t\t\t\t<div class=\"elementor-element elementor-element-fad64e3 elementor-widget elementor-widget-heading\" data-id=\"fad64e3\" data-element_type=\"widget\" data-widget_type=\"heading.default\">\n\t\t\t\t<div class=\"elementor-widget-container\">\n\t\t\t\t\t<h4 class=\"elementor-heading-title elementor-size-default\">Publications<\/h4>\t\t\t\t<\/div>\n\t\t\t\t<\/div>\n\t\t\t\t<\/div>\n\t\t<div class=\"elementor-element elementor-element-9a33065 e-con-full e-flex e-con e-child\" data-id=\"9a33065\" data-element_type=\"container\" data-settings=\"{&quot;background_background&quot;:&quot;classic&quot;}\">\n\t\t\t\t<div class=\"elementor-element elementor-element-e84a191 elementor-cta--layout-image-left elementor-widget__width-inherit elementor-cta--tablet-layout-image-above elementor-cta--skin-classic elementor-animated-content elementor-bg-transform elementor-bg-transform-zoom-in elementor-widget elementor-widget-call-to-action\" data-id=\"e84a191\" data-element_type=\"widget\" data-widget_type=\"call-to-action.default\">\n\t\t\t\t<div class=\"elementor-widget-container\">\n\t\t\t\t\t\t\t<a class=\"elementor-cta\" href=\"https:\/\/www.adaptationcommunity.net\/publications-filter\/?_sft_topics=human-mobility-climate-change\">\n\t\t\t\t\t<div class=\"elementor-cta__bg-wrapper\">\n\t\t\t\t<div class=\"elementor-cta__bg elementor-bg\" style=\"background-image: url(https:\/\/www.adaptationcommunity.net\/wp-content\/uploads\/2020\/07\/giz-foto-059-et-bildung-hochschule-student-1-1024x769.jpg);\" role=\"img\" aria-label=\"Students are already learning in the new rooms at the university.\"><\/div>\n\t\t\t\t<div class=\"elementor-cta__bg-overlay\"><\/div>\n\t\t\t<\/div>\n\t\t\t\t\t\t\t<div class=\"elementor-cta__content\">\n\t\t\t\t\n\t\t\t\t\n\t\t\t\t\t\t\t\t\t<div class=\"elementor-cta__description elementor-cta__content-item elementor-content-item\">\n\t\t\t\t\t\tDans notre rubrique Solutions &amp; Outils, vous trouverez des publications actuelles sur le th\u00e8me <b>Mobilit\u00e9 humaine li\u00e9e au changement climatique<\/b>.\t\t\t\t\t<\/div>\n\t\t\t\t\n\t\t\t\t\t\t\t\t\t<div class=\"elementor-cta__button-wrapper elementor-cta__content-item elementor-content-item \">\n\t\t\t\t\t<span class=\"elementor-cta__button elementor-button elementor-size-\">\n\t\t\t\t\t\tToutes les Publications\t\t\t\t\t<\/span>\n\t\t\t\t\t<\/div>\n\t\t\t\t\t\t\t<\/div>\n\t\t\t\t\t\t<\/a>\n\t\t\t\t\t\t<\/div>\n\t\t\t\t<\/div>\n\t\t\t\t<\/div>\n\t\t\t\t\t<\/div>\n\t\t\t\t<\/div>\n\t\t<div class=\"elementor-element elementor-element-73a8d17 e-con-full e-flex e-con e-parent\" data-id=\"73a8d17\" data-element_type=\"container\">\n\t\t\t\t<div class=\"elementor-element elementor-element-a751f02 elementor-widget elementor-widget-template\" data-id=\"a751f02\" data-element_type=\"widget\" data-widget_type=\"template.default\">\n\t\t\t\t<div class=\"elementor-widget-container\">\n\t\t\t\t\t\t\t<div class=\"elementor-template\">\n\t\t\t\t\t<div data-elementor-type=\"section\" data-elementor-id=\"48826\" class=\"elementor elementor-48826 elementor-48814\" data-elementor-post-type=\"elementor_library\">\n\t\t\t<div class=\"elementor-element elementor-element-170cd15 chapters-container e-flex e-con-boxed e-con e-parent\" data-id=\"170cd15\" data-element_type=\"container\" data-settings=\"{&quot;background_background&quot;:&quot;classic&quot;,&quot;shape_divider_bottom&quot;:&quot;split&quot;}\">\n\t\t\t\t\t<div class=\"e-con-inner\">\n\t\t\t\t<div class=\"elementor-shape elementor-shape-bottom\" aria-hidden=\"true\" data-negative=\"false\">\n\t\t\t<svg xmlns=\"http:\/\/www.w3.org\/2000\/svg\" viewBox=\"0 0 1000 20\" preserveAspectRatio=\"none\">\n\t<path class=\"elementor-shape-fill\" d=\"M0,0v3c0,0,393.8,0,483.4,0c9.2,0,16.6,7.4,16.6,16.6c0-9.1,7.4-16.6,16.6-16.6C606.2,3,1000,3,1000,3V0H0z\"\/>\n<\/svg>\t\t<\/div>\n\t\t<div class=\"elementor-element elementor-element-002641e e-con-full e-flex e-con e-child\" data-id=\"002641e\" data-element_type=\"container\">\n\t\t\t\t<div class=\"elementor-element elementor-element-90563d0 elementor-widget elementor-widget-heading\" data-id=\"90563d0\" data-element_type=\"widget\" data-widget_type=\"heading.default\">\n\t\t\t\t<div class=\"elementor-widget-container\">\n\t\t\t\t\t<h3 class=\"elementor-heading-title elementor-size-default\">CHAPITRES<\/h3>\t\t\t\t<\/div>\n\t\t\t\t<\/div>\n\t\t\t\t<div class=\"elementor-element elementor-element-a36ea04 elementor-widget elementor-widget-html\" data-id=\"a36ea04\" data-element_type=\"widget\" data-widget_type=\"html.default\">\n\t\t\t\t<div class=\"elementor-widget-container\">\n\t\t\t\t\t<script>\r\n  jQuery(document).ready(function($) {\r\n    const currentPath = window.location.pathname;\r\n\r\n    $(\".chapters-container a[href]\").each(function() {\r\n      const linkPath = new URL(this.href).pathname;\r\n      if (linkPath === currentPath) {\r\n        $(this).addClass(\"active-tile\");\r\n      }\r\n    });\r\n  });\r\n<\/script><br>\t\t\t\t<\/div>\n\t\t\t\t<\/div>\n\t\t\t\t<\/div>\n\t\t<div class=\"elementor-element elementor-element-442129a e-grid e-con-full e-con e-child\" data-id=\"442129a\" data-element_type=\"container\">\n\t\t<a class=\"elementor-element elementor-element-2cf403f e-con-full e-flex e-con e-child\" data-id=\"2cf403f\" data-element_type=\"container\" data-settings=\"{&quot;background_background&quot;:&quot;classic&quot;}\" href=\"https:\/\/www.adaptationcommunity.net\/human-mobility-climate-change\/\">\n\t\t\t\t<div class=\"elementor-element elementor-element-5fcbf06 elementor-view-default elementor-widget elementor-widget-icon\" data-id=\"5fcbf06\" data-element_type=\"widget\" data-widget_type=\"icon.default\">\n\t\t\t\t<div class=\"elementor-widget-container\">\n\t\t\t\t\t\t\t<div class=\"elementor-icon-wrapper\">\n\t\t\t<div class=\"elementor-icon\">\n\t\t\t<svg xmlns=\"http:\/\/www.w3.org\/2000\/svg\" id=\"Layer_1\" viewBox=\"0 0 57.1 58.2\"><defs><style>      .st0 {        fill: none;        stroke: #c8e3e3;        stroke-width: 3px;      }    <\/style><\/defs><polyline class=\"st0\" points=\"6.8 23.3 6.8 8 22.3 8\"><\/polyline><polyline class=\"st0\" points=\"50.6 23.3 50.6 8 35.2 8\"><\/polyline><polyline class=\"st0\" points=\"50.3 34.8 50.3 50.2 34.9 50.2\"><\/polyline><path class=\"st0\" d=\"M6.5,34.8v10.7c0,2.6,2.2,4.8,4.8,4.8h10.7\"><\/path><rect class=\"st0\" x=\"21.3\" y=\"21.6\" width=\"15\" height=\"15\"><\/rect><\/svg>\t\t\t<\/div>\n\t\t<\/div>\n\t\t\t\t\t\t<\/div>\n\t\t\t\t<\/div>\n\t\t\t\t<div class=\"elementor-element elementor-element-0e30a2f elementor-widget elementor-widget-heading\" data-id=\"0e30a2f\" data-element_type=\"widget\" data-widget_type=\"heading.default\">\n\t\t\t\t<div class=\"elementor-widget-container\">\n\t\t\t\t\t<h2 class=\"elementor-heading-title elementor-size-default\">Coup d\u2019\u0153il sur la mobilit\u00e9 humaine li\u00e9e au changement climatique<\/h2>\t\t\t\t<\/div>\n\t\t\t\t<\/div>\n\t\t\t\t<\/a>\n\t\t<a class=\"elementor-element elementor-element-549d320 e-con-full e-flex e-con e-child\" data-id=\"549d320\" data-element_type=\"container\" data-settings=\"{&quot;background_background&quot;:&quot;classic&quot;}\" href=\"https:\/\/www.adaptationcommunity.net\/human-mobility-climate-change\/examples\/\">\n\t\t\t\t<div class=\"elementor-element elementor-element-801857b elementor-view-default elementor-widget elementor-widget-icon\" data-id=\"801857b\" data-element_type=\"widget\" data-widget_type=\"icon.default\">\n\t\t\t\t<div class=\"elementor-widget-container\">\n\t\t\t\t\t\t\t<div class=\"elementor-icon-wrapper\">\n\t\t\t<div class=\"elementor-icon\">\n\t\t\t<svg xmlns=\"http:\/\/www.w3.org\/2000\/svg\" id=\"Layer_1\" viewBox=\"0 0 57.1 58.2\"><defs><style>      .st0 {        fill: none;        stroke: #c8e3e3;        stroke-width: 3px;      }    <\/style><\/defs><path class=\"st0\" d=\"M55.6,23.4v33.2H6.8c-2.8,0-5.1-2.3-5.1-5.1v-28.1s53.9,0,53.9,0Z\"><\/path><rect class=\"st0\" x=\"28.4\" y=\"41.8\" width=\"17.5\" height=\"8.6\"><\/rect><path class=\"st0\" d=\"M7.2,23.4C7.2,11.4,16.9,1.6,28.9,1.6s21.7,9.7,21.7,21.7\"><\/path><path class=\"st0\" d=\"M12.9,8.5s5.8,3.9,15.9,3.9,15.4-4.9,15.4-4.9\"><\/path><path class=\"st0\" d=\"M16.8,23.4s1.7-14.8,12.1-21c11.5,8.4,11,21,11,21\"><\/path><path class=\"st0\" d=\"M7.9,17.6s8.9,4.7,20.9,4.7,20.7-5.1,20.7-5.1\"><\/path><\/svg>\t\t\t<\/div>\n\t\t<\/div>\n\t\t\t\t\t\t<\/div>\n\t\t\t\t<\/div>\n\t\t\t\t<div class=\"elementor-element elementor-element-d6d8500 elementor-widget elementor-widget-heading\" data-id=\"d6d8500\" data-element_type=\"widget\" data-widget_type=\"heading.default\">\n\t\t\t\t<div class=\"elementor-widget-container\">\n\t\t\t\t\t<h2 class=\"elementor-heading-title elementor-size-default\">Exemples (Anglais)<\/h2>\t\t\t\t<\/div>\n\t\t\t\t<\/div>\n\t\t\t\t<\/a>\n\t\t<a class=\"elementor-element elementor-element-457caa2 e-con-full e-flex e-con e-child\" data-id=\"457caa2\" data-element_type=\"container\" data-settings=\"{&quot;background_background&quot;:&quot;classic&quot;}\" href=\"https:\/\/www.adaptationcommunity.net\/trainings-filter\/?_sft_topics=human-mobility-climate-change\">\n\t\t\t\t<div class=\"elementor-element elementor-element-5456878 elementor-view-default elementor-widget elementor-widget-icon\" data-id=\"5456878\" data-element_type=\"widget\" data-widget_type=\"icon.default\">\n\t\t\t\t<div class=\"elementor-widget-container\">\n\t\t\t\t\t\t\t<div class=\"elementor-icon-wrapper\">\n\t\t\t<div class=\"elementor-icon\">\n\t\t\t<svg xmlns=\"http:\/\/www.w3.org\/2000\/svg\" id=\"Layer_1\" viewBox=\"0 0 57.1 58.2\"><defs><style>      .st0 {        fill: none;        stroke: #c8e3e3;        stroke-width: 3px;      }    <\/style><\/defs><line class=\"st0\" x1=\"2.1\" y1=\"14.3\" x2=\"6.3\" y2=\"14.3\"><\/line><line class=\"st0\" x1=\"2.1\" y1=\"28.3\" x2=\"6.3\" y2=\"28.3\"><\/line><line class=\"st0\" x1=\"2.1\" y1=\"42.3\" x2=\"6.3\" y2=\"42.3\"><\/line><g><rect class=\"st0\" x=\"1.6\" y=\"1.5\" width=\"13.4\" height=\"55.2\"><\/rect><rect class=\"st0\" x=\"41.5\" y=\"22.4\" width=\"8\" height=\"34.3\"><\/rect><path class=\"st0\" d=\"M20.7,1.5v50.2c0,2.7,2.2,5,4.9,5h30V1.5H20.7Z\"><\/path><polyline class=\"st0\" points=\"41.3 21.5 45.4 13.6 49.6 21.5\"><\/polyline><polyline class=\"st0\" points=\"27.6 1.8 27.6 12.9 31.9 9 35.5 12.9 35.5 1.8\"><\/polyline><line class=\"st0\" x1=\"45.4\" y1=\"22.4\" x2=\"45.4\" y2=\"56.4\"><\/line><line class=\"st0\" x1=\"2.1\" y1=\"7.3\" x2=\"8.6\" y2=\"7.3\"><\/line><line class=\"st0\" x1=\"2.1\" y1=\"21.3\" x2=\"8.6\" y2=\"21.3\"><\/line><line class=\"st0\" x1=\"2.1\" y1=\"35.4\" x2=\"8.6\" y2=\"35.4\"><\/line><line class=\"st0\" x1=\"2.1\" y1=\"49.3\" x2=\"8.6\" y2=\"49.3\"><\/line><\/g><\/svg>\t\t\t<\/div>\n\t\t<\/div>\n\t\t\t\t\t\t<\/div>\n\t\t\t\t<\/div>\n\t\t\t\t<div class=\"elementor-element elementor-element-b8c7cd5 elementor-widget elementor-widget-heading\" data-id=\"b8c7cd5\" data-element_type=\"widget\" data-widget_type=\"heading.default\">\n\t\t\t\t<div class=\"elementor-widget-container\">\n\t\t\t\t\t<h2 class=\"elementor-heading-title elementor-size-default\">Formations<\/h2>\t\t\t\t<\/div>\n\t\t\t\t<\/div>\n\t\t\t\t<\/a>\n\t\t\t\t<\/div>\n\t\t\t\t\t<\/div>\n\t\t\t\t<\/div>\n\t\t\t\t<\/div>\n\t\t\t\t<\/div>\n\t\t\t\t\t\t<\/div>\n\t\t\t\t<\/div>\n\t\t\t\t<\/div>\n\t\t\t\t<\/div>\n\t\t","protected":false},"excerpt":{"rendered":"<p>Les personnes qui souffrent des impacts du changement climatique d\u00e9cident souvent de quitter leur domicile ou sont d\u00e9plac\u00e9es contre leur volont\u00e9. La migration peut constituer une strat\u00e9gie d\u2019adaptation face aux \u00e9v\u00e9nements m\u00e9t\u00e9orologiques extr\u00eames et aux impacts progressifs du changement climatique, car elle permet de se rendre dans des lieux plus s\u00fbrs ou de diversifier ses [&hellip;]<\/p>\n","protected":false},"author":120,"featured_media":0,"parent":0,"menu_order":0,"comment_status":"closed","ping_status":"closed","template":"elementor_header_footer","meta":{"_acf_changed":false,"footnotes":""},"class_list":["post-37134","page","type-page","status-publish","hentry"],"acf":[],"rankMath":{"parentDomain":"adaptationcommunity.net","noFollowDomains":[],"noFollowExcludeDomains":[],"noFollowExternalLinks":false,"featuredImageNotice":"L\u2019image en vedette devrait \u00eatre au moins 200 par 200 pixels pour \u00eatre utilis\u00e9 par Facebook et d\u2019autres sites de m\u00e9dias sociaux.","pluginReviewed":false,"postSettings":{"linkSuggestions":true,"useFocusKeyword":false},"frontEndScore":false,"postName":"mobilite-humaine-changement-climatique","permalinkFormat":"https:\/\/www.adaptationcommunity.net\/fr\/%pagename%\/","showLockModifiedDate":true,"assessor":{"focusKeywordLink":"https:\/\/www.adaptationcommunity.net\/wp-admin\/edit.php?focus_keyword=%focus_keyword%&post_type=%post_type%","hasTOCPlugin":true,"primaryTaxonomy":false,"serpData":{"title":"","description":"","focusKeywords":"Agro\u00e9cologie","pillarContent":false,"canonicalUrl":"","breadcrumbTitle":"","advancedRobots":{"max-snippet":"-1","max-video-preview":"-1","max-image-preview":"large"},"facebookTitle":"","facebookDescription":"","facebookImage":"","facebookImageID":"","facebookHasOverlay":false,"facebookImageOverlay":"","facebookAuthor":"","twitterCardType":"","twitterUseFacebook":true,"twitterTitle":"","twitterDescription":"","twitterImage":"","twitterImageID":"","twitterHasOverlay":false,"twitterImageOverlay":"","twitterPlayerUrl":"","twitterPlayerSize":"","twitterPlayerStream":"","twitterPlayerStreamCtype":"","twitterAppDescription":"","twitterAppIphoneName":"","twitterAppIphoneID":"","twitterAppIphoneUrl":"","twitterAppIpadName":"","twitterAppIpadID":"","twitterAppIpadUrl":"","twitterAppGoogleplayName":"","twitterAppGoogleplayID":"","twitterAppGoogleplayUrl":"","twitterAppCountry":"","robots":{"index":true},"twitterAuthor":"identifiant","primaryTerm":0,"authorName":"Thomas Leclerc","titleTemplate":"%title% %sep% %sitename%","descriptionTemplate":"%excerpt%","showScoreFrontend":true,"lockModifiedDate":false},"powerWords":["absolument","amazement","astonishing","authentique","beau","bien-\u00eatre","brillant","captivant","charismatique","choc","clair","compl\u00e8tement","confidentiel","confiance","cons\u00e9quent","cr\u00e9atif","d\u00e9finitivement","d\u00e9licieux","d\u00e9montrer","d\u00e9p\u00eachez-vous","d\u00e9termin\u00e9","digne","dynamique","\u00e9blouissant","\u00e9clatant","\u00e9conomique","\u00e9fficace","\u00e9l\u00e9gant","\u00e9motionnel","\u00e9nergique","\u00e9norme","\u00e9poustouflant","essentiel","\u00e9tonnant","exclusif","exp\u00e9rience","fabuleux","fantastique","formidable","fort","garanti","g\u00e9ant","g\u00e9n\u00e9reux","grandiose","gratuit","habile","harmonieux","historique","hors pair","important","incroyable","indispensable","inoubliable","inspirant","innovant","intense","invention","irr\u00e9sistible","l\u00e9gendaire","lumineux","luxe","magique","magnifique","majestueux","marquant","merveilleux","miraculeux","motivant","n\u00e9cessaire","nouvelle","officiel","parfait","passionn\u00e9","persuasif","ph\u00e9nom\u00e9nal","plaisir","populaire","pouvoir","prestigieux","prodigieux","profond","prosp\u00e8re","puissant","qualit\u00e9","radieux","rapide","r\u00e9ussi","r\u00e9volutionnaire","satisfait","s\u00e9curit\u00e9","sensationnel","serein","somptueux","splendide","sublime","surprenant","talentueux","terrifiant","unique","valeur","vibrant","victorieux","vif","vraiment","z\u00e9l\u00e9"],"diacritics":{"A":"[\\u0041\\u24B6\\uFF21\\u00C0\\u00C1\\u00C2\\u1EA6\\u1EA4\\u1EAA\\u1EA8\\u00C3\\u0100\\u0102\\u1EB0\\u1EAE\\u1EB4\\u1EB2\\u0226\\u01E0\\u00C4\\u01DE\\u1EA2\\u00C5\\u01FA\\u01CD\\u0200\\u0202\\u1EA0\\u1EAC\\u1EB6\\u1E00\\u0104\\u023A\\u2C6F]","AA":"[\\uA732]","AE":"[\\u00C6\\u01FC\\u01E2]","AO":"[\\uA734]","AU":"[\\uA736]","AV":"[\\uA738\\uA73A]","AY":"[\\uA73C]","B":"[\\u0042\\u24B7\\uFF22\\u1E02\\u1E04\\u1E06\\u0243\\u0182\\u0181]","C":"[\\u0043\\u24B8\\uFF23\\u0106\\u0108\\u010A\\u010C\\u00C7\\u1E08\\u0187\\u023B\\uA73E]","D":"[\\u0044\\u24B9\\uFF24\\u1E0A\\u010E\\u1E0C\\u1E10\\u1E12\\u1E0E\\u0110\\u018B\\u018A\\u0189\\uA779]","DZ":"[\\u01F1\\u01C4]","Dz":"[\\u01F2\\u01C5]","E":"[\\u0045\\u24BA\\uFF25\\u00C8\\u00C9\\u00CA\\u1EC0\\u1EBE\\u1EC4\\u1EC2\\u1EBC\\u0112\\u1E14\\u1E16\\u0114\\u0116\\u00CB\\u1EBA\\u011A\\u0204\\u0206\\u1EB8\\u1EC6\\u0228\\u1E1C\\u0118\\u1E18\\u1E1A\\u0190\\u018E]","F":"[\\u0046\\u24BB\\uFF26\\u1E1E\\u0191\\uA77B]","G":"[\\u0047\\u24BC\\uFF27\\u01F4\\u011C\\u1E20\\u011E\\u0120\\u01E6\\u0122\\u01E4\\u0193\\uA7A0\\uA77D\\uA77E]","H":"[\\u0048\\u24BD\\uFF28\\u0124\\u1E22\\u1E26\\u021E\\u1E24\\u1E28\\u1E2A\\u0126\\u2C67\\u2C75\\uA78D]","I":"[\\u0049\\u24BE\\uFF29\\u00CC\\u00CD\\u00CE\\u0128\\u012A\\u012C\\u0130\\u00CF\\u1E2E\\u1EC8\\u01CF\\u0208\\u020A\\u1ECA\\u012E\\u1E2C\\u0197]","J":"[\\u004A\\u24BF\\uFF2A\\u0134\\u0248]","K":"[\\u004B\\u24C0\\uFF2B\\u1E30\\u01E8\\u1E32\\u0136\\u1E34\\u0198\\u2C69\\uA740\\uA742\\uA744\\uA7A2]","L":"[\\u004C\\u24C1\\uFF2C\\u013F\\u0139\\u013D\\u1E36\\u1E38\\u013B\\u1E3C\\u1E3A\\u0141\\u023D\\u2C62\\u2C60\\uA748\\uA746\\uA780]","LJ":"[\\u01C7]","Lj":"[\\u01C8]","M":"[\\u004D\\u24C2\\uFF2D\\u1E3E\\u1E40\\u1E42\\u2C6E\\u019C]","N":"[\\u004E\\u24C3\\uFF2E\\u01F8\\u0143\\u00D1\\u1E44\\u0147\\u1E46\\u0145\\u1E4A\\u1E48\\u0220\\u019D\\uA790\\uA7A4]","NJ":"[\\u01CA]","Nj":"[\\u01CB]","O":"[\\u004F\\u24C4\\uFF2F\\u00D2\\u00D3\\u00D4\\u1ED2\\u1ED0\\u1ED6\\u1ED4\\u00D5\\u1E4C\\u022C\\u1E4E\\u014C\\u1E50\\u1E52\\u014E\\u022E\\u0230\\u00D6\\u022A\\u1ECE\\u0150\\u01D1\\u020C\\u020E\\u01A0\\u1EDC\\u1EDA\\u1EE0\\u1EDE\\u1EE2\\u1ECC\\u1ED8\\u01EA\\u01EC\\u00D8\\u01FE\\u0186\\u019F\\uA74A\\uA74C]","OI":"[\\u01A2]","OO":"[\\uA74E]","OU":"[\\u0222]","P":"[\\u0050\\u24C5\\uFF30\\u1E54\\u1E56\\u01A4\\u2C63\\uA750\\uA752\\uA754]","Q":"[\\u0051\\u24C6\\uFF31\\uA756\\uA758\\u024A]","R":"[\\u0052\\u24C7\\uFF32\\u0154\\u1E58\\u0158\\u0210\\u0212\\u1E5A\\u1E5C\\u0156\\u1E5E\\u024C\\u2C64\\uA75A\\uA7A6\\uA782]","S":"[\\u0053\\u24C8\\uFF33\\u1E9E\\u015A\\u1E64\\u015C\\u1E60\\u0160\\u1E66\\u1E62\\u1E68\\u0218\\u015E\\u2C7E\\uA7A8\\uA784]","T":"[\\u0054\\u24C9\\uFF34\\u1E6A\\u0164\\u1E6C\\u021A\\u0162\\u1E70\\u1E6E\\u0166\\u01AC\\u01AE\\u023E\\uA786]","TZ":"[\\uA728]","U":"[\\u0055\\u24CA\\uFF35\\u00D9\\u00DA\\u00DB\\u0168\\u1E78\\u016A\\u1E7A\\u016C\\u00DC\\u01DB\\u01D7\\u01D5\\u01D9\\u1EE6\\u016E\\u0170\\u01D3\\u0214\\u0216\\u01AF\\u1EEA\\u1EE8\\u1EEE\\u1EEC\\u1EF0\\u1EE4\\u1E72\\u0172\\u1E76\\u1E74\\u0244]","V":"[\\u0056\\u24CB\\uFF36\\u1E7C\\u1E7E\\u01B2\\uA75E\\u0245]","VY":"[\\uA760]","W":"[\\u0057\\u24CC\\uFF37\\u1E80\\u1E82\\u0174\\u1E86\\u1E84\\u1E88\\u2C72]","X":"[\\u0058\\u24CD\\uFF38\\u1E8A\\u1E8C]","Y":"[\\u0059\\u24CE\\uFF39\\u1EF2\\u00DD\\u0176\\u1EF8\\u0232\\u1E8E\\u0178\\u1EF6\\u1EF4\\u01B3\\u024E\\u1EFE]","Z":"[\\u005A\\u24CF\\uFF3A\\u0179\\u1E90\\u017B\\u017D\\u1E92\\u1E94\\u01B5\\u0224\\u2C7F\\u2C6B\\uA762]","a":"[\\u0061\\u24D0\\uFF41\\u1E9A\\u00E0\\u00E1\\u00E2\\u1EA7\\u1EA5\\u1EAB\\u1EA9\\u00E3\\u0101\\u0103\\u1EB1\\u1EAF\\u1EB5\\u1EB3\\u0227\\u01E1\\u00E4\\u01DF\\u1EA3\\u00E5\\u01FB\\u01CE\\u0201\\u0203\\u1EA1\\u1EAD\\u1EB7\\u1E01\\u0105\\u2C65\\u0250]","aa":"[\\uA733]","ae":"[\\u00E6\\u01FD\\u01E3]","ao":"[\\uA735]","au":"[\\uA737]","av":"[\\uA739\\uA73B]","ay":"[\\uA73D]","b":"[\\u0062\\u24D1\\uFF42\\u1E03\\u1E05\\u1E07\\u0180\\u0183\\u0253]","c":"[\\u0063\\u24D2\\uFF43\\u0107\\u0109\\u010B\\u010D\\u00E7\\u1E09\\u0188\\u023C\\uA73F\\u2184]","d":"[\\u0064\\u24D3\\uFF44\\u1E0B\\u010F\\u1E0D\\u1E11\\u1E13\\u1E0F\\u0111\\u018C\\u0256\\u0257\\uA77A]","dz":"[\\u01F3\\u01C6]","e":"[\\u0065\\u24D4\\uFF45\\u00E8\\u00E9\\u00EA\\u1EC1\\u1EBF\\u1EC5\\u1EC3\\u1EBD\\u0113\\u1E15\\u1E17\\u0115\\u0117\\u00EB\\u1EBB\\u011B\\u0205\\u0207\\u1EB9\\u1EC7\\u0229\\u1E1D\\u0119\\u1E19\\u1E1B\\u0247\\u025B\\u01DD]","f":"[\\u0066\\u24D5\\uFF46\\u1E1F\\u0192\\uA77C]","g":"[\\u0067\\u24D6\\uFF47\\u01F5\\u011D\\u1E21\\u011F\\u0121\\u01E7\\u0123\\u01E5\\u0260\\uA7A1\\u1D79\\uA77F]","h":"[\\u0068\\u24D7\\uFF48\\u0125\\u1E23\\u1E27\\u021F\\u1E25\\u1E29\\u1E2B\\u1E96\\u0127\\u2C68\\u2C76\\u0265]","hv":"[\\u0195]","i":"[\\u0069\\u24D8\\uFF49\\u00EC\\u00ED\\u00EE\\u0129\\u012B\\u012D\\u00EF\\u1E2F\\u1EC9\\u01D0\\u0209\\u020B\\u1ECB\\u012F\\u1E2D\\u0268\\u0131]","j":"[\\u006A\\u24D9\\uFF4A\\u0135\\u01F0\\u0249]","k":"[\\u006B\\u24DA\\uFF4B\\u1E31\\u01E9\\u1E33\\u0137\\u1E35\\u0199\\u2C6A\\uA741\\uA743\\uA745\\uA7A3]","l":"[\\u006C\\u24DB\\uFF4C\\u0140\\u013A\\u013E\\u1E37\\u1E39\\u013C\\u1E3D\\u1E3B\\u017F\\u0142\\u019A\\u026B\\u2C61\\uA749\\uA781\\uA747]","lj":"[\\u01C9]","m":"[\\u006D\\u24DC\\uFF4D\\u1E3F\\u1E41\\u1E43\\u0271\\u026F]","n":"[\\u006E\\u24DD\\uFF4E\\u01F9\\u0144\\u00F1\\u1E45\\u0148\\u1E47\\u0146\\u1E4B\\u1E49\\u019E\\u0272\\u0149\\uA791\\uA7A5]","nj":"[\\u01CC]","o":"[\\u006F\\u24DE\\uFF4F\\u00F2\\u00F3\\u00F4\\u1ED3\\u1ED1\\u1ED7\\u1ED5\\u00F5\\u1E4D\\u022D\\u1E4F\\u014D\\u1E51\\u1E53\\u014F\\u022F\\u0231\\u00F6\\u022B\\u1ECF\\u0151\\u01D2\\u020D\\u020F\\u01A1\\u1EDD\\u1EDB\\u1EE1\\u1EDF\\u1EE3\\u1ECD\\u1ED9\\u01EB\\u01ED\\u00F8\\u01FF\\u0254\\uA74B\\uA74D\\u0275]","oi":"[\\u01A3]","ou":"[\\u0223]","oo":"[\\uA74F]","p":"[\\u0070\\u24DF\\uFF50\\u1E55\\u1E57\\u01A5\\u1D7D\\uA751\\uA753\\uA755]","q":"[\\u0071\\u24E0\\uFF51\\u024B\\uA757\\uA759]","r":"[\\u0072\\u24E1\\uFF52\\u0155\\u1E59\\u0159\\u0211\\u0213\\u1E5B\\u1E5D\\u0157\\u1E5F\\u024D\\u027D\\uA75B\\uA7A7\\uA783]","s":"[\\u0073\\u24E2\\uFF53\\u015B\\u1E65\\u015D\\u1E61\\u0161\\u1E67\\u1E63\\u1E69\\u0219\\u015F\\u023F\\uA7A9\\uA785\\u1E9B]","ss":"[\\u00DF]","t":"[\\u0074\\u24E3\\uFF54\\u1E6B\\u1E97\\u0165\\u1E6D\\u021B\\u0163\\u1E71\\u1E6F\\u0167\\u01AD\\u0288\\u2C66\\uA787]","tz":"[\\uA729]","u":"[\\u0075\\u24E4\\uFF55\\u00F9\\u00FA\\u00FB\\u0169\\u1E79\\u016B\\u1E7B\\u016D\\u00FC\\u01DC\\u01D8\\u01D6\\u01DA\\u1EE7\\u016F\\u0171\\u01D4\\u0215\\u0217\\u01B0\\u1EEB\\u1EE9\\u1EEF\\u1EED\\u1EF1\\u1EE5\\u1E73\\u0173\\u1E77\\u1E75\\u0289]","v":"[\\u0076\\u24E5\\uFF56\\u1E7D\\u1E7F\\u028B\\uA75F\\u028C]","vy":"[\\uA761]","w":"[\\u0077\\u24E6\\uFF57\\u1E81\\u1E83\\u0175\\u1E87\\u1E85\\u1E98\\u1E89\\u2C73]","x":"[\\u0078\\u24E7\\uFF58\\u1E8B\\u1E8D]","y":"[\\u0079\\u24E8\\uFF59\\u1EF3\\u00FD\\u0177\\u1EF9\\u0233\\u1E8F\\u00FF\\u1EF7\\u1E99\\u1EF5\\u01B4\\u024F\\u1EFF]","z":"[\\u007A\\u24E9\\uFF5A\\u017A\\u1E91\\u017C\\u017E\\u1E93\\u1E95\\u01B6\\u0225\\u0240\\u2C6C\\uA763]"},"researchesTests":["contentHasTOC","contentHasShortParagraphs","contentHasAssets","keywordInTitle","keywordInMetaDescription","keywordInPermalink","keywordIn10Percent","keywordInContent","keywordInSubheadings","keywordInImageAlt","keywordDensity","keywordNotUsed","lengthContent","lengthPermalink","linksHasInternal","linksHasExternals","linksNotAllExternals","titleStartWithKeyword","titleSentiment","titleHasPowerWords","titleHasNumber","hasContentAI"],"hasRedirection":true,"hasBreadcrumb":false},"homeUrl":"https:\/\/www.adaptationcommunity.net\/fr\/","objectID":37134,"objectType":"post","locale":"fr","localeFull":"fr_FR","overlayImages":{"play":{"name":"Ic\u00f4ne de lecture","url":"https:\/\/www.adaptationcommunity.net\/wp-content\/plugins\/seo-by-rank-math\/assets\/admin\/img\/icon-play.png","path":"\/html\/wordpress\/wp-content\/plugins\/seo-by-rank-math\/assets\/admin\/img\/icon-play.png","position":"middle_center"},"gif":{"name":"Ic\u00f4ne GIF","url":"https:\/\/www.adaptationcommunity.net\/wp-content\/plugins\/seo-by-rank-math\/assets\/admin\/img\/icon-gif.png","path":"\/html\/wordpress\/wp-content\/plugins\/seo-by-rank-math\/assets\/admin\/img\/icon-gif.png","position":"middle_center"}},"defautOgImage":"https:\/\/www.adaptationcommunity.net\/wp-content\/uploads\/2025\/05\/ACNET-SHareV3.png","customPermalinks":true,"isUserRegistered":false,"autoSuggestKeywords":false,"connectSiteUrl":"https:\/\/rankmath.com\/auth?site=https%3A%2F%2Fwww.adaptationcommunity.net%2Ffr%2F&r=https%3A%2F%2Fwww.adaptationcommunity.net%2Ffr%2Fwp-json%2Fwp%2Fv2%2Fpages%2F37134%3Fnonce%3D8e2d4e13f5","maxTags":5,"trendsIcon":"<svg viewBox=\"0 0 610 610\"><path d=\"M18.85,446,174.32,290.48l58.08,58.08L76.93,504a14.54,14.54,0,0,1-20.55,0L18.83,466.48a14.54,14.54,0,0,1,0-20.55Z\" style=\"fill:#4285f4\"\/><path d=\"M242.65,242.66,377.59,377.6l-47.75,47.75a14.54,14.54,0,0,1-20.55,0L174.37,290.43l47.75-47.75A14.52,14.52,0,0,1,242.65,242.66Z\" style=\"fill:#ea4335\"\/><polygon points=\"319.53 319.53 479.26 159.8 537.34 217.88 377.61 377.62 319.53 319.53\" style=\"fill:#fabb05\"\/><path d=\"M594.26,262.73V118.61h0a16.94,16.94,0,0,0-16.94-16.94H433.2a16.94,16.94,0,0,0-12,28.92L565.34,274.71h0a16.94,16.94,0,0,0,28.92-12Z\" style=\"fill:#34a853\"\/><rect width=\"610\" height=\"610\" style=\"fill:none\"\/><\/svg>","showScore":true,"siteFavIcon":"https:\/\/www.adaptationcommunity.net\/wp-content\/uploads\/2025\/04\/cropped-websitelogoicons-1-32x32.png","canUser":{"general":false,"advanced":false,"snippet":false,"social":false,"analysis":false,"analytics":false,"content_ai":false},"showKeywordIntent":true,"isPro":false,"is_front_page":false,"trendsUpgradeLink":"https:\/\/rankmath.com\/pricing\/?utm_source=Plugin&utm_medium=CE%20General%20Tab%20Trends&utm_campaign=WP","trendsUpgradeLabel":"Mettre \u00e0 niveau","trendsPreviewImage":"https:\/\/www.adaptationcommunity.net\/wp-content\/plugins\/seo-by-rank-math\/assets\/admin\/img\/trends-preview.jpg","currentEditor":false,"homepageData":{"assessor":{"powerWords":["absolument","amazement","astonishing","authentique","beau","bien-\u00eatre","brillant","captivant","charismatique","choc","clair","compl\u00e8tement","confidentiel","confiance","cons\u00e9quent","cr\u00e9atif","d\u00e9finitivement","d\u00e9licieux","d\u00e9montrer","d\u00e9p\u00eachez-vous","d\u00e9termin\u00e9","digne","dynamique","\u00e9blouissant","\u00e9clatant","\u00e9conomique","\u00e9fficace","\u00e9l\u00e9gant","\u00e9motionnel","\u00e9nergique","\u00e9norme","\u00e9poustouflant","essentiel","\u00e9tonnant","exclusif","exp\u00e9rience","fabuleux","fantastique","formidable","fort","garanti","g\u00e9ant","g\u00e9n\u00e9reux","grandiose","gratuit","habile","harmonieux","historique","hors pair","important","incroyable","indispensable","inoubliable","inspirant","innovant","intense","invention","irr\u00e9sistible","l\u00e9gendaire","lumineux","luxe","magique","magnifique","majestueux","marquant","merveilleux","miraculeux","motivant","n\u00e9cessaire","nouvelle","officiel","parfait","passionn\u00e9","persuasif","ph\u00e9nom\u00e9nal","plaisir","populaire","pouvoir","prestigieux","prodigieux","profond","prosp\u00e8re","puissant","qualit\u00e9","radieux","rapide","r\u00e9ussi","r\u00e9volutionnaire","satisfait","s\u00e9curit\u00e9","sensationnel","serein","somptueux","splendide","sublime","surprenant","talentueux","terrifiant","unique","valeur","vibrant","victorieux","vif","vraiment","z\u00e9l\u00e9"],"diacritics":true,"researchesTests":["contentHasTOC","contentHasShortParagraphs","contentHasAssets","keywordInTitle","keywordInMetaDescription","keywordInPermalink","keywordIn10Percent","keywordInContent","keywordInSubheadings","keywordInImageAlt","keywordDensity","keywordNotUsed","lengthContent","lengthPermalink","linksHasInternal","linksHasExternals","linksNotAllExternals","titleStartWithKeyword","titleSentiment","titleHasPowerWords","titleHasNumber","hasContentAI"],"hasBreadcrumb":false,"serpData":{"title":"%sitename% %page% %sep% %sitedesc%","description":"","titleTemplate":"%sitename% %page% %sep% %sitedesc%","descriptionTemplate":"","focusKeywords":"","breadcrumbTitle":"Home","robots":{"index":true},"advancedRobots":{"max-snippet":"-1","max-video-preview":"-1","max-image-preview":"large"},"facebookTitle":"","facebookDescription":"","facebookImage":"","facebookImageID":""}}},"tocTitle":"Table of Contents","tocExcludeHeadings":[],"listStyle":"ul"},"_links":{"self":[{"href":"https:\/\/www.adaptationcommunity.net\/fr\/wp-json\/wp\/v2\/pages\/37134","targetHints":{"allow":["GET"]}}],"collection":[{"href":"https:\/\/www.adaptationcommunity.net\/fr\/wp-json\/wp\/v2\/pages"}],"about":[{"href":"https:\/\/www.adaptationcommunity.net\/fr\/wp-json\/wp\/v2\/types\/page"}],"author":[{"embeddable":true,"href":"https:\/\/www.adaptationcommunity.net\/fr\/wp-json\/wp\/v2\/users\/120"}],"replies":[{"embeddable":true,"href":"https:\/\/www.adaptationcommunity.net\/fr\/wp-json\/wp\/v2\/comments?post=37134"}],"version-history":[{"count":92,"href":"https:\/\/www.adaptationcommunity.net\/fr\/wp-json\/wp\/v2\/pages\/37134\/revisions"}],"predecessor-version":[{"id":52818,"href":"https:\/\/www.adaptationcommunity.net\/fr\/wp-json\/wp\/v2\/pages\/37134\/revisions\/52818"}],"wp:attachment":[{"href":"https:\/\/www.adaptationcommunity.net\/fr\/wp-json\/wp\/v2\/media?parent=37134"}],"curies":[{"name":"wp","href":"https:\/\/api.w.org\/{rel}","templated":true}]}}